{"id":90,"date":"2012-08-15T21:42:09","date_gmt":"2012-08-16T01:42:09","guid":{"rendered":"http:\/\/www.ingeterm.net\/aespro-cl\/?page_id=90"},"modified":"2012-08-15T21:42:09","modified_gmt":"2012-08-16T01:42:09","slug":"cancer","status":"publish","type":"page","link":"https:\/\/aespro.cl\/?page_id=90","title":{"rendered":"SEREMI SALUD"},"content":{"rendered":"<h2 align=\"center\">Registro poblacional de c\u00e1ncer: un potencial de estudio de los problemas de salud en la Octava Regi\u00f3n.<\/h2>\n<h5 align=\"center\">Jos\u00e9 Bustos<sup>1<\/sup>\u00a0&amp; Ana Maria Moraga<sup>2<\/sup><\/h5>\n<h5><sup>1\u00a0<\/sup>Departamento de Estad\u00edstica, Facultad de Ciencias F\u00edsicas y Matem\u00e1ticas, Universidad de Concepci\u00f3n, Av. Esteban Iturra s\/n &#8211; Barrio Universitario &#8211; Concepci\u00f3n &#8211; Chile<\/h5>\n<h5><sup>2<\/sup>Coordinadora Regional del Registro Poblacional del C\u00e1ncer, Secretar\u00eda Regional Ministerial de Salud: Caupolican 518, oficina 510, Concepci\u00f3n-Chile.<\/h5>\n<p align=\"justify\">El envejecimiento poblacional y los cambios de h\u00e1bitos en la sociedad\u00a0 hacen que hoy las enfermedades cr\u00f3nicas no transmisibles (ECNT), en especial el c\u00e1ncer y las enfermedades cardiovasculares, sean el principal problema de morbi-mortalidad del pa\u00eds. Es as\u00ed como \u00a0estos dos problemas de salud son responsables de m\u00e1s de la mitad de las defunciones que anualmente ocurren en Chile (DEIS\/MINSAL 2005).<\/p>\n<p align=\"justify\">Es la Regi\u00f3n de B\u00edob\u00edo, la segunda regi\u00f3n del pa\u00eds en cuanto a tama\u00f1o poblacional (CENSO 2002), la primera en cuanto a indicadores de pobreza (CASEN 2006), el 53% de las defunciones son debidas a\u00a0 enfermedades cardiovasculares y\u00a0 c\u00e1ncer, para este \u00faltimo la tendencia de la mortalidad va en aumento en ambos sexos; as\u00ed tambi\u00e9n al c\u00e1ncer es el responsable de la mayor proporci\u00f3n de\u00a0 mortalidad prematura medida a trav\u00e9s de los a\u00f1os de vida potencialmente perdidos (AVPP).<\/p>\n<p align=\"justify\">Considerando la situaci\u00f3n de las ECNT y en particular del c\u00e1ncer en el pa\u00eds, Los Objetivos Sanitarios para la D\u00e9cada 2000-2010, est\u00e1n orientados a\u00a0 disminuir las muertes y discapacidad\u00a0 provocada por los tumores malignos que causan mayor mortalidad en la poblaci\u00f3n, dentro de ellos c\u00e1ncer de mama en la mujer y pr\u00f3stata en los hombres.<\/p>\n<p align=\"justify\">No se conocen estudios de c\u00e1ncer en la regi\u00f3n de B\u00edob\u00edo,\u00a0 ni en el resto del pa\u00eds, que comparen incidencia y mortalidad en relaci\u00f3n a la variaci\u00f3n geogr\u00e1fica en un mismo per\u00edodo de tiempo y que ayuden a relacionar la inequidad socio-econ\u00f3mica\u00a0 con en el acceso a la atenci\u00f3n, al diagn\u00f3stico y al tratamiento oportunos.<\/p>\n<p align=\"justify\">En consecuencia, el prop\u00f3sito de la presente investigaci\u00f3n fue establecer eventuales cambios de la sobrevida de pacientes provenientes desde distintas comunas de la provincia del B\u00edob\u00edo, determinando inicialmente, si existe efecto espacial en la mortalidad e incidencia de c\u00e1ncer. Para lo cual se trabaj\u00f3 con los 10 tumores m\u00e1s prevalentes.<\/p>\n<p align=\"justify\">En este sentido, se realizaron comparaciones de curvas de sobrevida de pacientes afectados por los 10 canceres m\u00e1s prevalentes para evaluar si existe efecto espacial en el cambio de la incidencia y mortalidad. Para lo cual se utilizaron los datos del Registro Poblacional del C\u00e1ncer de la provincia del B\u00edob\u00edo, facilitados por la SEREMI de salud.<\/p>\n","protected":false},"excerpt":{"rendered":"<p>Registro poblacional de c\u00e1ncer: un potencial de estudio de los problemas de salud en la Octava Regi\u00f3n. Jos\u00e9 Bustos1\u00a0&amp; Ana Maria Moraga2 1\u00a0Departamento de Estad\u00edstica, Facultad de Ciencias F\u00edsicas y Matem\u00e1ticas, Universidad de Concepci\u00f3n, Av. Esteban Iturra s\/n &#8211; Barrio &hellip; <a href=\"https:\/\/aespro.cl\/?page_id=90\">Continuar leyendo <span class=\"meta-nav\">&rarr;<\/span><\/a><\/p>\n","protected":false},"author":1,"featured_media":0,"parent":87,"menu_order":0,"comment_status":"closed","ping_status":"closed","template":"","meta":[],"_links":{"self":[{"href":"https:\/\/aespro.cl\/index.php?rest_route=\/wp\/v2\/pages\/90"}],"collection":[{"href":"https:\/\/aespro.cl\/index.php?rest_route=\/wp\/v2\/pages"}],"about":[{"href":"https:\/\/aespro.cl\/index.php?rest_route=\/wp\/v2\/types\/page"}],"author":[{"embeddable":true,"href":"https:\/\/aespro.cl\/index.php?rest_route=\/wp\/v2\/users\/1"}],"replies":[{"embeddable":true,"href":"https:\/\/aespro.cl\/index.php?rest_route=%2Fwp%2Fv2%2Fcomments&post=90"}],"version-history":[{"count":0,"href":"https:\/\/aespro.cl\/index.php?rest_route=\/wp\/v2\/pages\/90\/revisions"}],"up":[{"embeddable":true,"href":"https:\/\/aespro.cl\/index.php?rest_route=\/wp\/v2\/pages\/87"}],"wp:attachment":[{"href":"https:\/\/aespro.cl\/index.php?rest_route=%2Fwp%2Fv2%2Fmedia&parent=90"}],"curies":[{"name":"wp","href":"https:\/\/api.w.org\/{rel}","templated":true}]}}